{"id":1029,"date":"2019-01-21T13:14:16","date_gmt":"2019-01-21T13:14:16","guid":{"rendered":"http:\/\/congresomasculinidades.umh.es\/?page_id=1029"},"modified":"2019-05-24T07:24:56","modified_gmt":"2019-05-24T07:24:56","slug":"comite-organizador","status":"publish","type":"page","link":"https:\/\/congresomasculinidades.umh.es\/ca\/comite-organizador\/","title":{"rendered":"COMIT\u00c9 ORGANITZADOR"},"content":{"rendered":"<p><\/p>\n<h2>PRESIDENTA<\/h2>\n<table style=\"height: 524px;\" width=\"869\">\n<tbody>\n<tr>\n<td style=\"text-align: left;\" width=\"205\"><a href=\"http:\/\/congresomasculinidades.umh.es\/files\/2019\/01\/anastasia.png\"><img loading=\"lazy\" class=\"alignnone size-full wp-image-1034\" src=\"http:\/\/congresomasculinidades.umh.es\/files\/2019\/01\/anastasia.png\" alt=\"anastasia\" width=\"150\" height=\"150\" \/><\/a><\/td>\n<td width=\"457\"><strong>\u00a0<\/strong><strong>Dra. D\u00aa. Anastasia T\u00e9llez Infantes<\/strong><\/p>\n<p>Doctora en Antropolog\u00eda Social y Profesora Titular de Antropolog\u00eda Social y Cultural del Departamento de Ciencias Sociales y Humanas de la Universidad Miguel Hern\u00e1ndez de Elche (Alicante. Espa\u00f1a). Directora del Grupo de Investigaci\u00f3n ECULGE (Econom\u00eda, Cultura y G\u00e9nero), Subdirectora del M\u00e1ster de Igualdad de G\u00e9nero en el \u00c1mbito P\u00fablico y Privado de la UJI-UMH (12\u00aa ed), Fundadora y directora (2002-2012) del Seminario Interdisciplinar de Estudios de G\u00e9nero (SIEG), integrante del Centro de Investigaci\u00f3n de Estudios de G\u00e9nero (CIEG), Miembro de la Comisi\u00f3n de Seguimiento del Plan de Igualdad de la UMH, y ha sido Directora del programa de Doctorado en Estudios e Investigaci\u00f3n sobre las Mujeres, Feministas y de G\u00e9nero (RD 1393\/07) desde 2009 a 2017. Desde hace m\u00e1s de 20 a\u00f1os investiga sobre la construcci\u00f3n sociocultural de las identidades masculinas y femeninas con perspectiva de g\u00e9nero.<\/p>\n<p><strong><a href=\"http:\/\/atellez.edu.umh.es\">http:\/\/atellez.edu.umh.es<\/a><\/strong><\/p>\n<p><strong><a href=\"mailto:atellez@umh.es\">atellez@umh.es<\/a><\/strong><\/td>\n<\/tr>\n<\/tbody>\n<\/table>\n<h2>SECRETARIO<\/h2>\n<table width=\"662\">\n<tbody>\n<tr>\n<td width=\"205\"><strong><a href=\"http:\/\/congresomasculinidades.umh.es\/files\/2019\/01\/joan.png\"><img loading=\"lazy\" class=\"alignnone size-full wp-image-1037\" src=\"http:\/\/congresomasculinidades.umh.es\/files\/2019\/01\/joan.png\" alt=\"joan\" width=\"150\" height=\"161\" srcset=\"https:\/\/congresomasculinidades.umh.es\/files\/2019\/01\/joan.png 150w, https:\/\/congresomasculinidades.umh.es\/files\/2019\/01\/joan-140x150.png 140w\" sizes=\"(max-width: 150px) 100vw, 150px\" \/><\/a><\/strong><\/p>\n<p><strong>\u00a0<\/strong><\/p>\n<p><strong>\u00a0<\/strong><\/p>\n<p><strong>\u00a0<\/strong><\/p>\n<p><strong>\u00a0<\/strong><\/p>\n<p><strong>\u00a0<\/strong><\/p>\n<p><strong>\u00a0<\/strong><\/p>\n<p><strong>\u00a0<\/strong><\/td>\n<td width=\"457\"><strong>\u00a0<\/strong><strong>Dr. D. Joan Sanf\u00e9lix Albelda<\/strong><\/p>\n<p><strong>\u00a0<\/strong>Doctor en Estudios de G\u00e9nero por la Universidad Miguel Hern\u00e1ndez d\u2019Elx. Soci\u00f3logo y M\u00e1ster en G\u00e9nero y Pol\u00edticas de Igualdad por la Universitat de Val\u00e8ncia.<\/p>\n<p>Profesor de Sociolog\u00eda en la UJI (Universitat Jaume I) de Castell\u00f3 (2017-2018) y miembro del Grupo de Investigaci\u00f3n ECULGE de la Universidad Miguel Hern\u00e1ndez de Elche. Experiencia profesional-acad\u00e9mica en los \u00e1mbitos de la investigaci\u00f3n social y la docencia. Ha trabajado en el \u00e1mbito de la igualdad, tanto a nivel acad\u00e9mico-cient\u00edfico (tesis, investigaci\u00f3n, publicaci\u00f3n de art\u00edculos, comunicaciones en congresos, etc.) como a nivel profesional (tallerismo, docencia, dise\u00f1o de planes de igualdad, etc.), desde un enfoque socioantropol\u00f3gico de g\u00e9nero y est\u00e1 especializado en el estudio de la identidad masculina y las nuevas masculinidades igualitarias. Escribe art\u00edculos divulgativos en un blog sobre cuestiones vinculadas con la igualdad y las masculinidades<\/p>\n<p><strong><a href=\"http:\/\/www.eixam.es\/category\/hombres-en-deconstruccion\/\">http:\/\/www.eixam.es\/category\/hombres-en-deconstruccion\/<\/a><\/strong><\/p>\n<p><strong><span style=\"text-decoration: underline;\"><a href=\"mailto:joansanfelix@gmail.com\">joansanfelix@gmail.com<\/a><\/span><\/strong><\/td>\n<\/tr>\n<\/tbody>\n<\/table>\n<h2>VOCALES<\/h2>\n<table width=\"662\">\n<tbody>\n<tr>\n<td width=\"217\"><a href=\"http:\/\/congresomasculinidades.umh.es\/files\/2019\/01\/mjesus.png\"><img loading=\"lazy\" class=\"alignnone size-full wp-image-1041\" src=\"http:\/\/congresomasculinidades.umh.es\/files\/2019\/01\/mjesus.png\" alt=\"mjesus\" width=\"150\" height=\"150\" \/><\/a><\/td>\n<td width=\"444\"><strong>\u00a0<\/strong><strong>Dra. D\u00aa. Mar\u00eda Jes\u00fas Navarro R\u00edos<\/strong><\/p>\n<p><strong>\u00a0<\/strong>Doctora Ingeniera Agr\u00f3noma, m\u00e1ster de igualdad de g\u00e9nero en el \u00e1mbito p\u00fablico y privado por la Universidad Jaume I de Castell\u00f3n (UJI) y la Universidad Miguel Hern\u00e1ndez (UMH). Docente en la l\u00ednea de violencia de g\u00e9nero en el citado m\u00e1ster, es adem\u00e1s profesora de la Universidad Miguel Hern\u00e1ndez de Elche desde el a\u00f1o 2000. Dirige el Observatorio de la Trata de la UMH y desde hace m\u00e1s de cinco a\u00f1os trabaja en tareas de sensibilizaci\u00f3n a trav\u00e9s de investigaciones y organizaci\u00f3n de jornadas, congresos, eventos y talleres relacionados con la erradicaci\u00f3n de trata de mujeres y ni\u00f1as con fines de explotaci\u00f3n sexual. Representante designada por la UMH en la mesa de trabajo provincial Alicante Trata 0. Pertenece al Grupo de Investigaci\u00f3n ECULGE de la Universidad Miguel Hern\u00e1ndez de Elche.<\/p>\n<p><strong><a href=\"https:\/\/mjnavarro.edu.umh.es\/\">https:\/\/mjnavarro.edu.umh.es\/<\/a><\/strong><\/p>\n<p><strong><span style=\"text-decoration: underline;\"><a href=\"mailto:mjnavarro@umh.es\" target=\"_blank\">mjnavarro@umh.es<\/a><\/span><\/strong><\/td>\n<\/tr>\n<tr>\n<td width=\"217\"><strong><a href=\"http:\/\/congresomasculinidades.umh.es\/files\/2019\/01\/eloy.jpg\"><img loading=\"lazy\" class=\"alignnone size-full wp-image-1036\" src=\"http:\/\/congresomasculinidades.umh.es\/files\/2019\/01\/eloy.jpg\" alt=\"eloy\" width=\"150\" height=\"150\" \/><\/a><\/strong><\/p>\n<p><strong>\u00a0<\/strong><\/p>\n<p><strong>\u00a0<\/strong><\/p>\n<p><strong>\u00a0<\/strong><\/p>\n<p><strong>\u00a0<\/strong><\/td>\n<td width=\"444\"><strong>Dr. D. Javier Eloy Mart\u00ednez Guirao<\/strong><\/p>\n<p>Doctor en Antropolog\u00eda Social por la UNED y Doctor en Sociolog\u00eda por la Universidad de Alicante. Profesor del \u00e1rea de Antropolog\u00eda Social de la Universidad de Murcia. Forma parte de los grupos de investigaci\u00f3n \u201cEconom\u00eda, Cultura y G\u00e9nero\u201d (ECULGE) de la Universidad Miguel Hern\u00e1ndez de Elche y \u201cCultura y sociedad\u201d de la Universidad de Murcia. Ha realizado diferentes investigaciones relacionadas con la perspectiva de g\u00e9nero desde un punto de vista socioantropol\u00f3gico, de las que se derivan publicaciones en libros y revistas, y ha participado en la organizaci\u00f3n de jornadas y congresos sobre esta tem\u00e1tica. En la actualidad imparte clases en la asignatura \u201cTrabajo e igualdad\u201d del M\u00e1ster Universitario en G\u00e9nero e Igualdad de la Universidad de Murcia, y en el M\u00e1ster Universitario en Igualdad y G\u00e9nero en el \u00c1mbito P\u00fablico y Privado de la Universidad Jaume I de Castell\u00f3n. Director de la Revista <em>Nuevas Tendencias en Antropolog\u00eda<\/em>.<\/p>\n<p><strong><a href=\"http:\/\/www.revistadeantropologia.es\/\">http:\/\/www.revistadeantropologia.es\/<\/a><\/strong><\/p>\n<p><strong><span style=\"text-decoration: underline;\"><a href=\"mailto:j.eloymartinez@um.es\" target=\"_blank\">j.eloymartinez@um.es<\/a><\/span><\/strong><\/td>\n<\/tr>\n<tr>\n<td width=\"217\"><a href=\"http:\/\/congresomasculinidades.umh.es\/files\/2019\/01\/maria-quiles.png\"><img loading=\"lazy\" class=\"alignnone size-full wp-image-1040\" src=\"http:\/\/congresomasculinidades.umh.es\/files\/2019\/01\/maria-quiles.png\" alt=\"maria quiles\" width=\"150\" height=\"150\" \/><\/a><\/td>\n<td width=\"444\"><strong>\u00a0<\/strong><strong>Dra. D\u00aa. Mar\u00eda Quiles Bail\u00e9n<\/strong><\/p>\n<p><strong>\u00a0<\/strong>Doctora por la Universidad Miguel Hern\u00e1ndez dentro del programa de Doctorado en Estudios e Investigaciones sobre las Mujeres, Feministas y de G\u00e9nero. Miembro del Centro de Investigaci\u00f3n de Estudios de G\u00e9nero (CIEG) y del grupo de investigaci\u00f3n de \u201cEconom\u00eda, Cultura y G\u00e9nero\u201d (ECULGE) de la misma universidad. Profesora del Grado de Ciencias Pol\u00edticas y Gesti\u00f3n P\u00fablica de la UMH. Ha publicado diversos textos, organizado y participado en jornadas y congresos sobre igualdad de g\u00e9nero.<\/p>\n<p><strong><span style=\"text-decoration: underline;\"><a href=\"mailto:mquiles@umh.es\" target=\"_blank\">mquiles@umh.es<\/a><\/span><\/strong><\/td>\n<\/tr>\n<tr>\n<td width=\"217\"><a href=\"http:\/\/congresomasculinidades.umh.es\/files\/2019\/01\/Carlos.jpg\"><img loading=\"lazy\" class=\"alignnone size-full wp-image-1035\" src=\"http:\/\/congresomasculinidades.umh.es\/files\/2019\/01\/Carlos.jpg\" alt=\"Carlos\" width=\"150\" height=\"150\" \/><\/a><\/td>\n<td width=\"444\"><strong>\u00a0<\/strong><strong>Dr. D. Carlos M. Ramos Lahiguera<\/strong><\/p>\n<p><strong>\u00a0<\/strong>Doctor por la Universidad Miguel Hern\u00e1ndez habiendo realizado la tesis en Antropolog\u00eda Social y Cultural con t\u00edtulo \u201cPhotoshop y el cuerpo publicitario: naturalidad y artificio en la belleza femenina\u201d,\u00a0 Licenciado en Bellas Artes. T\u00e9cnico de Audiovisuales en el Servicio de Innovaci\u00f3n y Apoyo T\u00e9cnico a la Docencia y a la Investigaci\u00f3n de la Universidad Miguel Hern\u00e1ndez de Elche. Profesor del Departamento de Estad\u00edstica, Matem\u00e1ticas e Inform\u00e1tica para el Grado en Comunicaci\u00f3n Audiovisual de la UMH. Grupo de investigaci\u00f3n de Econom\u00eda, Cultura y G\u00e9nero (ECULGE).<\/p>\n<p><strong><span style=\"text-decoration: underline;\"><a href=\"mailto:cramos@umh.es\" target=\"_blank\">cramos@umh.es<\/a><\/span><\/strong><\/td>\n<\/tr>\n<tr>\n<td width=\"217\"><a href=\"http:\/\/congresomasculinidades.umh.es\/files\/2019\/01\/rosario.png\"><img loading=\"lazy\" class=\"alignnone size-full wp-image-1043\" src=\"http:\/\/congresomasculinidades.umh.es\/files\/2019\/01\/rosario.png\" alt=\"rosario\" width=\"150\" height=\"150\" \/><\/a><\/td>\n<td width=\"444\"><strong>D\u00aa. Rosario Carmona Paredes<\/strong><\/p>\n<p><strong>\u00a0<\/strong>Profesora Colaboradora de la Universidad Miguel Hern\u00e1ndez de Elche, integrante del departamento de Ciencia Jur\u00eddica y espec\u00edficamente del \u00c1rea de Derecho del Trabajo y Seguridad Social. Integrante del Centro de Investigaci\u00f3n de Estudios de G\u00e9nero y de la Universidad Miguel Hern\u00e1ndez. Una l\u00ednea muy importante de investigaci\u00f3n est\u00e1 relacionada con la igualdad y el derecho laboral con diversas publicaciones y ponencias. Diplomada en Relaciones Laborales, Licenciada en Ciencias del Trabajo y Master en Recursos Humanos Trabajo y Organizaciones. Actualmente Vicedecana de Proyecci\u00f3n de Relaciones Laborales\u00a0 y Recursos Humanos.<\/p>\n<p><strong><a href=\"mailto:rcarmona@umh.es\">rcarmona@umh.es<\/a><\/strong><\/td>\n<\/tr>\n<tr>\n<td width=\"217\"><strong><a href=\"http:\/\/congresomasculinidades.umh.es\/files\/2019\/01\/manu.png\"><img loading=\"lazy\" class=\"alignnone size-full wp-image-1039\" src=\"http:\/\/congresomasculinidades.umh.es\/files\/2019\/01\/manu.png\" alt=\"manu\" width=\"150\" height=\"150\" \/><\/a><\/strong><\/td>\n<td width=\"444\"><strong>\u00a0<\/strong><strong>Dr. D. Manuel Miguel Jord\u00e1n Vidal<\/strong><\/p>\n<p>Catedr\u00e1tico de Universidad del Departamento de Agroqu\u00edmica y Medio Ambiente de la Universidad Miguel Hern\u00e1ndez de Elche. Licenciado en Ciencias Qu\u00edmicas por la Universidad de Valencia (1992) y Doctor en Ciencias Qu\u00edmicas (1997) por la Universitat Jaume I de Castell\u00f3n. Ocupa actualmente, el cargo de Vicerrector de Investigaci\u00f3n e Innovaci\u00f3n, formando parte del Consejo de Gobierno de la UMH.<\/p>\n<p><strong><a href=\"mailto:vdo.investin@umh.es\" target=\"_blank\">vdo.investin@umh.es<\/a><\/strong><\/td>\n<\/tr>\n<tr>\n<td width=\"217\"><strong><a href=\"http:\/\/congresomasculinidades.umh.es\/files\/2019\/01\/mjose.jpg\"><img loading=\"lazy\" class=\"alignnone size-full wp-image-1042\" src=\"http:\/\/congresomasculinidades.umh.es\/files\/2019\/01\/mjose.jpg\" alt=\"mjose\" width=\"150\" height=\"150\" \/><\/a><\/strong><\/td>\n<td width=\"444\"><strong>\u00a0<\/strong><strong>Dra. D\u00aa. Mar\u00eda Jos\u00e9 Alarc\u00f3n Garc\u00eda<\/strong><\/p>\n<p>Directora de la Unidad de Igualdad de la Universidad Miguel Hern\u00e1ndez de Elche. Espa\u00f1a. Profesora Titular de Econom\u00eda y Empresa del Departamento de Estudios Econ\u00f3micos y Financieros de la Universidad Mi9guel Hern\u00e1ndez de Elche.<\/p>\n<p><strong><span style=\"text-decoration: underline;\"><a href=\"mailto:igualdad@umh.es\" target=\"_blank\">igualdad@umh.es<\/a><\/span><\/strong><\/td>\n<\/tr>\n<tr>\n<td width=\"217\">\u00a0<a href=\"http:\/\/congresomasculinidades.umh.es\/files\/2019\/01\/jorge-cascales.png\"><img loading=\"lazy\" class=\"alignnone size-full wp-image-1038\" src=\"http:\/\/congresomasculinidades.umh.es\/files\/2019\/01\/jorge-cascales.png\" alt=\"jorge cascales\" width=\"150\" height=\"150\" \/><\/a><\/td>\n<td width=\"444\"><strong>\u00a0<\/strong><strong>D. Jorge Cascales Ribera<\/strong><\/p>\n<p><strong>\u00a0<\/strong>Profesor asociado en la Facultad de Filosof\u00eda y Ciencias de la Educaci\u00f3n de la Universidad de Valencia. Educador Social. M\u00e1ster en Bienestar Social. M\u00e1ster de G\u00e9nero y Pol\u00edticas de Igualdad. Ha colaborado en diversos proyectos de investigaci\u00f3n en el Observatorio de Igualdad de la UNED de Denia y tiene diversas publicaciones sobre g\u00e9nero, masculinidades e intervenci\u00f3n social. Actualmente est\u00e1 cursando el Doctorado en Estudios de G\u00e9nero y Pol\u00edticas de Igualdad (IUED\/UV) y combina su trabajo docente con su trabajo de educador social en centros de acogimiento residencial de menores.<\/p>\n<p><strong><span style=\"text-decoration: underline;\"><a href=\"mailto:jcascales82@gmail.com\" target=\"_blank\">jcascales82@gmail.com<\/a><\/span><\/strong><\/td>\n<\/tr>\n<tr>\n<td width=\"217\"><strong><a href=\"http:\/\/congresomasculinidades.umh.es\/files\/2019\/01\/mar.png\"><img loading=\"lazy\" class=\"alignnone size-full wp-image-1044\" src=\"http:\/\/congresomasculinidades.umh.es\/files\/2019\/01\/mar.png\" alt=\"mar\" width=\"150\" height=\"150\" \/><\/a><\/strong><\/td>\n<td width=\"444\"><strong>\u00a0<\/strong><strong>D\u00aa. Mar\u00eda del Mar Maci\u00e1 D\u00edaz<\/strong><\/p>\n<p><strong>\u00a0<\/strong>Diplomada en Relaciones Laborales (1998) por la Universidad de Alicante. Graduada en Relaciones Laborales y Recursos Humanos (2018) por la Universidad de Huelva. M\u00e1ster universitario en Igualdad y G\u00e9nero en el \u00c1mbito P\u00fablico y Privado (2018) de la Universidad Miguel Hern\u00e1ndez de Elche y la Universidad Jaume I de Castell\u00f3n.<\/p>\n<p>Gestora de la Unidad de Igualdad de la Universidad Miguel Hern\u00e1ndez de Elche desde febrero de 2009 hasta la actualidad.<\/p>\n<p>Tel\u00e9fono 965 22 21 38<\/p>\n<p><strong><span style=\"text-decoration: underline;\"><a href=\"mailto:igualdad@umh.es\" target=\"_blank\">igualdad@umh.es<\/a><\/span><\/strong><\/p>\n<p><strong><span style=\"text-decoration: underline;\"><a href=\"mailto:mar.macia@umh.es\" target=\"_blank\">mar.macia@umh.es<\/a><\/span><\/strong><\/td>\n<\/tr>\n<tr>\n<td width=\"217\"><a href=\"http:\/\/congresomasculinidades.umh.es\/files\/2019\/02\/DR.-JES\u00daS-MULA-GRAU-e1551169354849.png\"><img loading=\"lazy\" class=\"alignnone size-full wp-image-1040\" src=\"http:\/\/congresomasculinidades.umh.es\/files\/2019\/02\/DR.-JES\u00daS-MULA-GRAU-e1551169354849.png\" alt=\"maria quiles\" width=\"150\" height=\"150\" \/><\/a><\/td>\n<td width=\"444\"><strong>\u00a0<\/strong><strong>DR. JES\u00daS MULA GRAU<\/strong><\/p>\n<p><strong>\u00a0<\/strong>Licenciado en Ciencias de la Informaci\u00f3n por la Universidad de Valencia (1996), m\u00e1ster en Igualdad de G\u00e9nero en el \u00c1mbito P\u00fablico y Privado por las universidades Miguel Hern\u00e1ndez de Elche y Jaume I (2009) y doctor en Estudios e Investigaci\u00f3n sobre las Mujeres, Feministas y de G\u00e9nero (2013). Desde hace m\u00e1s de veinte a\u00f1os trabaja en el diario INFORMACI\u00d3N de Alicante y tambi\u00e9n publica en otros peri\u00f3dicos de Editorial Prensa Ib\u00e9rica. Es autor de varios cap\u00edtulos de libros sobre g\u00e9nero y ha sido premio de investigaci\u00f3n Activa\u201909 de la Excelent\u00edsima Diputaci\u00f3n Provincial de Alicante.<\/p>\n<p><strong><span style=\"text-decoration: underline;\"><a href=\"mailto:mulaje@yahoo\" target=\"_blank\">mulaje@yahoo.com<\/a><\/span><\/strong><\/td>\n<\/tr>\n<\/tbody>\n<\/table>\n<p><\/p>","protected":false},"excerpt":{"rendered":"<p>PRESIDENTA \u00a0Dra. D\u00aa. Anastasia T\u00e9llez Infantes Doctora en Antropolog\u00eda Social y Profesora Titular de Antropolog\u00eda Social y Cultural del Departamento de Ciencias Sociales y Humanas de la Universidad Miguel Hern\u00e1ndez de Elche (Alicante. Espa\u00f1a). Directora del Grupo de Investigaci\u00f3n ECULGE (Econom\u00eda, Cultura y G\u00e9nero), Subdirectora del M\u00e1ster de Igualdad de\u2026<\/p>\n<p> <a class=\"continue-reading-link\" href=\"https:\/\/congresomasculinidades.umh.es\/ca\/comite-organizador\/\"><span>Continue reading<\/span><i class=\"crycon-right-dir\"><\/i><\/a><\/p>\n","protected":false},"author":642,"featured_media":0,"parent":0,"menu_order":0,"comment_status":"open","ping_status":"open","template":"","meta":{"_links_to":"","_links_to_target":""},"yoast_head":"<!-- This site is optimized with the Yoast SEO plugin v17.5 - https:\/\/yoast.com\/wordpress\/plugins\/seo\/ -->\n<title>COMIT\u00c9 ORGANITZADOR - I CONGRESO INTERNACIONAL SOBRE MASCULINIDADES E IGUALDAD<\/title>\n<meta name=\"description\" content=\"Comit\u00e9 organizador del congreso.\" \/>\n<meta name=\"robots\" content=\"index, follow, max-snippet:-1, max-image-preview:large, max-video-preview:-1\" \/>\n<link rel=\"canonical\" href=\"https:\/\/congresomasculinidades.umh.es\/comite-organizador\/\" \/>\n<meta property=\"og:locale\" content=\"ca_ES\" \/>\n<meta property=\"og:type\" content=\"article\" \/>\n<meta property=\"og:title\" content=\"[:es]COMIT\u00c9 ORGANIZADOR[:ca]COMIT\u00c9 ORGANITZADOR[:] - I CONGRESO INTERNACIONAL SOBRE MASCULINIDADES E IGUALDAD\" \/>\n<meta property=\"og:description\" content=\"Comit\u00e9 organizador del congreso.\" \/>\n<meta property=\"og:url\" content=\"https:\/\/congresomasculinidades.umh.es\/comite-organizador\/\" \/>\n<meta property=\"og:site_name\" content=\"I CONGRESO INTERNACIONAL SOBRE MASCULINIDADES E IGUALDAD\" \/>\n<meta property=\"article:modified_time\" content=\"2019-05-24T07:24:56+00:00\" \/>\n<meta property=\"og:image\" content=\"http:\/\/congresomasculinidades.umh.es\/files\/2019\/01\/anastasia.png\" \/>\n<meta name=\"twitter:card\" content=\"summary\" \/>\n<meta name=\"twitter:label1\" content=\"Temps estimat de lectura\" \/>\n\t<meta name=\"twitter:data1\" content=\"16 minuts\" \/>\n<script type=\"application\/ld+json\" class=\"yoast-schema-graph\">{\"@context\":\"https:\/\/schema.org\",\"@graph\":[{\"@type\":\"WebSite\",\"@id\":\"https:\/\/congresomasculinidades.umh.es\/#website\",\"url\":\"https:\/\/congresomasculinidades.umh.es\/\",\"name\":\"I CONGRESO INTERNACIONAL SOBRE MASCULINIDADES E IGUALDAD\",\"description\":\"Centro de Congresos 4, 5 y 6 de abril 2019\",\"potentialAction\":[{\"@type\":\"SearchAction\",\"target\":{\"@type\":\"EntryPoint\",\"urlTemplate\":\"https:\/\/congresomasculinidades.umh.es\/?s={search_term_string}\"},\"query-input\":\"required name=search_term_string\"}],\"inLanguage\":\"ca\"},{\"@type\":\"ImageObject\",\"@id\":\"https:\/\/congresomasculinidades.umh.es\/comite-organizador\/#primaryimage\",\"inLanguage\":\"ca\",\"url\":\"http:\/\/congresomasculinidades.umh.es\/files\/2019\/01\/anastasia.png\",\"contentUrl\":\"http:\/\/congresomasculinidades.umh.es\/files\/2019\/01\/anastasia.png\"},{\"@type\":\"WebPage\",\"@id\":\"https:\/\/congresomasculinidades.umh.es\/comite-organizador\/#webpage\",\"url\":\"https:\/\/congresomasculinidades.umh.es\/comite-organizador\/\",\"name\":\"[:es]COMIT\\u00c9 ORGANIZADOR[:ca]COMIT\\u00c9 ORGANITZADOR[:] - I CONGRESO INTERNACIONAL SOBRE MASCULINIDADES E IGUALDAD\",\"isPartOf\":{\"@id\":\"https:\/\/congresomasculinidades.umh.es\/#website\"},\"primaryImageOfPage\":{\"@id\":\"https:\/\/congresomasculinidades.umh.es\/comite-organizador\/#primaryimage\"},\"datePublished\":\"2019-01-21T13:14:16+00:00\",\"dateModified\":\"2019-05-24T07:24:56+00:00\",\"description\":\"Comit\\u00e9 organizador del congreso.\",\"breadcrumb\":{\"@id\":\"https:\/\/congresomasculinidades.umh.es\/comite-organizador\/#breadcrumb\"},\"inLanguage\":\"ca\",\"potentialAction\":[{\"@type\":\"ReadAction\",\"target\":[\"https:\/\/congresomasculinidades.umh.es\/comite-organizador\/\"]}]},{\"@type\":\"BreadcrumbList\",\"@id\":\"https:\/\/congresomasculinidades.umh.es\/comite-organizador\/#breadcrumb\",\"itemListElement\":[{\"@type\":\"ListItem\",\"position\":1,\"name\":\"Portada\",\"item\":\"https:\/\/congresomasculinidades.umh.es\/\"},{\"@type\":\"ListItem\",\"position\":2,\"name\":\"COMIT\\u00c9 ORGANIZADOR\"}]}]}<\/script>\n<!-- \/ Yoast SEO plugin. -->","yoast_head_json":{"title":"[:es]COMIT\u00c9 ORGANIZADOR[:ca]COMIT\u00c9 ORGANITZADOR[:] - I CONGRESO INTERNACIONAL SOBRE MASCULINIDADES E IGUALDAD","description":"Comit\u00e9 organizador del congreso.","robots":{"index":"index","follow":"follow","max-snippet":"max-snippet:-1","max-image-preview":"max-image-preview:large","max-video-preview":"max-video-preview:-1"},"canonical":"https:\/\/congresomasculinidades.umh.es\/comite-organizador\/","og_locale":"ca_ES","og_type":"article","og_title":"[:es]COMIT\u00c9 ORGANIZADOR[:ca]COMIT\u00c9 ORGANITZADOR[:] - I CONGRESO INTERNACIONAL SOBRE MASCULINIDADES E IGUALDAD","og_description":"Comit\u00e9 organizador del congreso.","og_url":"https:\/\/congresomasculinidades.umh.es\/comite-organizador\/","og_site_name":"I CONGRESO INTERNACIONAL SOBRE MASCULINIDADES E IGUALDAD","article_modified_time":"2019-05-24T07:24:56+00:00","og_image":[{"url":"http:\/\/congresomasculinidades.umh.es\/files\/2019\/01\/anastasia.png"}],"twitter_card":"summary","twitter_misc":{"Temps estimat de lectura":"16 minuts"},"schema":{"@context":"https:\/\/schema.org","@graph":[{"@type":"WebSite","@id":"https:\/\/congresomasculinidades.umh.es\/#website","url":"https:\/\/congresomasculinidades.umh.es\/","name":"I CONGRESO INTERNACIONAL SOBRE MASCULINIDADES E IGUALDAD","description":"Centro de Congresos 4, 5 y 6 de abril 2019","potentialAction":[{"@type":"SearchAction","target":{"@type":"EntryPoint","urlTemplate":"https:\/\/congresomasculinidades.umh.es\/?s={search_term_string}"},"query-input":"required name=search_term_string"}],"inLanguage":"ca"},{"@type":"ImageObject","@id":"https:\/\/congresomasculinidades.umh.es\/comite-organizador\/#primaryimage","inLanguage":"ca","url":"http:\/\/congresomasculinidades.umh.es\/files\/2019\/01\/anastasia.png","contentUrl":"http:\/\/congresomasculinidades.umh.es\/files\/2019\/01\/anastasia.png"},{"@type":"WebPage","@id":"https:\/\/congresomasculinidades.umh.es\/comite-organizador\/#webpage","url":"https:\/\/congresomasculinidades.umh.es\/comite-organizador\/","name":"[:es]COMIT\u00c9 ORGANIZADOR[:ca]COMIT\u00c9 ORGANITZADOR[:] - I CONGRESO INTERNACIONAL SOBRE MASCULINIDADES E IGUALDAD","isPartOf":{"@id":"https:\/\/congresomasculinidades.umh.es\/#website"},"primaryImageOfPage":{"@id":"https:\/\/congresomasculinidades.umh.es\/comite-organizador\/#primaryimage"},"datePublished":"2019-01-21T13:14:16+00:00","dateModified":"2019-05-24T07:24:56+00:00","description":"Comit\u00e9 organizador del congreso.","breadcrumb":{"@id":"https:\/\/congresomasculinidades.umh.es\/comite-organizador\/#breadcrumb"},"inLanguage":"ca","potentialAction":[{"@type":"ReadAction","target":["https:\/\/congresomasculinidades.umh.es\/comite-organizador\/"]}]},{"@type":"BreadcrumbList","@id":"https:\/\/congresomasculinidades.umh.es\/comite-organizador\/#breadcrumb","itemListElement":[{"@type":"ListItem","position":1,"name":"Portada","item":"https:\/\/congresomasculinidades.umh.es\/"},{"@type":"ListItem","position":2,"name":"COMIT\u00c9 ORGANIZADOR"}]}]}},"_links":{"self":[{"href":"https:\/\/congresomasculinidades.umh.es\/ca\/wp-json\/wp\/v2\/pages\/1029"}],"collection":[{"href":"https:\/\/congresomasculinidades.umh.es\/ca\/wp-json\/wp\/v2\/pages"}],"about":[{"href":"https:\/\/congresomasculinidades.umh.es\/ca\/wp-json\/wp\/v2\/types\/page"}],"author":[{"embeddable":true,"href":"https:\/\/congresomasculinidades.umh.es\/ca\/wp-json\/wp\/v2\/users\/642"}],"replies":[{"embeddable":true,"href":"https:\/\/congresomasculinidades.umh.es\/ca\/wp-json\/wp\/v2\/comments?post=1029"}],"version-history":[{"count":0,"href":"https:\/\/congresomasculinidades.umh.es\/ca\/wp-json\/wp\/v2\/pages\/1029\/revisions"}],"wp:attachment":[{"href":"https:\/\/congresomasculinidades.umh.es\/ca\/wp-json\/wp\/v2\/media?parent=1029"}],"curies":[{"name":"wp","href":"https:\/\/api.w.org\/{rel}","templated":true}]}}