{"id":924,"date":"2018-12-03T17:36:09","date_gmt":"2018-12-03T17:36:09","guid":{"rendered":"http:\/\/congresomasculinidades.umh.es\/?page_id=924"},"modified":"2019-02-27T10:50:55","modified_gmt":"2019-02-27T10:50:55","slug":"envio-de-comunicaciones-y-posteres","status":"publish","type":"page","link":"https:\/\/congresomasculinidades.umh.es\/ca\/envio-de-comunicaciones-y-posteres\/","title":{"rendered":"ENVIAMENT DE COMUNICACIONS I P\u00d2STERS"},"content":{"rendered":"<p><strong>Taula resum de terminis<\/strong>:<\/p>\n<ul>\n<li>Data l\u00edmit de recepci\u00f3 de resums de comunicaci\u00f3 o p\u00f2ster:\u00a0<strong>15 febrer\u00a0de 2019.<\/strong><\/li>\n<li>Data l\u00edmit per a informar sobre l\u2019acceptaci\u00f3 del resum de comunicaci\u00f3 o p\u00f2ster per part del comit\u00e9 cient\u00edfic:\u00a0<strong>18 febrer de 2019.<\/strong><\/li>\n<li>Data l\u00edmit d\u2019enviament complet de comunicaci\u00f3 o p\u00f2ster:\u00a0<strong>8 mar\u00e7 de 2019<\/strong>.<\/li>\n<li>Acceptaci\u00f3 definitiva de la comunicaci\u00f3 o p\u00f2ster:\u00a0<strong>12 de mar\u00e7 de 2019.<\/strong><\/li>\n<\/ul>\n<p>La presentaci\u00f3 i acceptaci\u00f3 de comunicacions i p\u00f2sters es regiran per les instruccions que detallem a continuaci\u00f3.<\/p>\n<p>La valoraci\u00f3 de les propostes de comunicaci\u00f3 i p\u00f2sters presentats, aix\u00ed com l\u2019acceptaci\u00f3 del text definitiu ser\u00e0 compet\u00e8ncia del\u00a0<strong>Comit\u00e9 Cient\u00edfic<\/strong>.<\/p>\n<p>Hi ha diversos tipus de modalitats d\u2019intervenci\u00f3 que cada autor\/a ha d\u2019especificar a l\u2019hora d\u2019enviar la seua proposta i resum.<\/p>\n<p><strong>A.-<\/strong>\u00a0Comunicaci\u00f3 per a presentaci\u00f3 presencial\/no presencial (relatoria) en el congr\u00e9s.<\/p>\n<p><strong>B.-<\/strong>\u00a0P\u00f2ster cient\u00edfic.<\/p>\n<p><strong>A.- PROPOSTA DE COMUNICACI\u00d3<\/strong><\/p>\n<ul>\n<li><strong>Presencial o no presencial (relatoria).<\/strong><\/li>\n<\/ul>\n<p>En l\u2019enviament de la proposta de comunicaci\u00f3 els\/les autors\/es hauran d\u2019indicar si desitgen presentar la seua comunicaci\u00f3 de forma\u00a0<strong>presencial<\/strong>\u00a0en la sessi\u00f3 cient\u00edfica que corresponga o, en cas de no assistir-hi o no desitjar presentar la comunicaci\u00f3 personalment, hauran de sol\u00b7licitar que siga presentada a trav\u00e9s de\u00a0<strong>relatoria<\/strong>. En aquesta segona opci\u00f3,\u00a0la comunicaci\u00f3 ser\u00e0 exposada pel\/per la relator\/a responsable de la sessi\u00f3 cient\u00edfica a qu\u00e8 pertanga.<\/p>\n<p><strong>2) Data m\u00e0xima de remissi\u00f3 del resum de la comunicaci\u00f3.<\/strong><\/p>\n<p>Fins al\u00a0<strong>15 febrer\u00a0de 2019,<\/strong> a les 24 hores. Els qui desitgen presentar comunicaci\u00f3 al Congr\u00e9s ho hauran de manifestar remetent degudament emplenada la proposta i el resum de comunicaci\u00f3 conforme a les regles d\u2019estil anunciades en la p\u00e0gina web del\u00a0<strong><em>I CONGR\u00c9S INTERNACIONAL SOBRE MASCULINITATS I IGUALTAT: A LA RECERCA DE BONES PR\u00c0CTIQUES DE MASCULINITATS IGUALIT\u00c0RIES.<\/em><\/strong><\/p>\n<p><strong><em>\u00a0<\/em><\/strong><\/p>\n<p>La proposta i el resum de la comunicaci\u00f3 s\u2019han d\u2019entregar\u00a0en l\u2019adre\u00e7a de correu electr\u00f2nic:\u00a0<a href=\"mailto:congresomasculinidades@goumh.umh.es\"><strong>congresomasculinidades1@goumh.umh.es<\/strong><\/a><\/p>\n<p>&nbsp;<\/p>\n<p><strong>3) Requisits i condicions per a enviar el resum i la proposta de comunicaci\u00f3.<\/strong><\/p>\n<p>Inscriure\u2019s en el Congr\u00e9s i abonar la quota d\u2019inscripci\u00f3<strong>.<\/strong><\/p>\n<p>La proposta de comunicaci\u00f3 s\u2019haur\u00e0 d\u2019ajustar al format seg\u00fcent:<\/p>\n<ul>\n<li>Especificar si es desitja <strong>modalitat<\/strong> de <strong>presentaci\u00f3 presencial<\/strong>\u00a0de la comunicaci\u00f3 o <strong>modalitat no presencial<\/strong> a trav\u00e9s de relator\/a.<\/li>\n<li><strong>Resum<\/strong> d\u2019extensi\u00f3 <strong>m\u00e0xima de 20 l\u00ednies o 300 paraules<\/strong> en qu\u00e8 s\u2019expresse: a) la q\u00fcesti\u00f3 concreta que s\u2019abordar\u00e0; b) la metodologia que s\u2019utilitzar\u00e0; c) un breu esquema del contingut; d) resultats previstos, i e) quina \u00e9s l\u2019aportaci\u00f3 personal de la proposta presentada. El resum ha d\u2019incorporar <strong>5 paraules clau<\/strong>.<\/li>\n<li><strong>T\u00edtol<\/strong>\u00a0de la comunicaci\u00f3.<\/li>\n<li>Autor\/s o autora\/es, condici\u00f3 professional, instituci\u00f3 o organisme a qu\u00e8 pertany.<\/li>\n<li>N\u00famero i tema de la <strong>sessi\u00f3 cient\u00edfica<\/strong> a la qual es presenta la comunicaci\u00f3.<\/li>\n<li>Adre\u00e7a de correu electr\u00f2nic a trav\u00e9s de la qual s\u2019establir\u00e0 l\u2019intercanvi d\u2019informaci\u00f3 amb el Congr\u00e9s.<\/li>\n<\/ul>\n<p>Nom\u00e9s es permet una comunicaci\u00f3 per autor o autora, llevat que siga compartida amb una altra persona, en aquest cas se n\u2019acceptar\u00e0 un m\u00e0xim de dos. Tots els autors i\/o autores de les comunicacions han d\u2019estar inscrits en el Congr\u00e9s.<\/p>\n<p>Es\u00a0notificar\u00e0 l\u2019acusament expr\u00e9s de la recepci\u00f3 de cada resum i proposta de comunicaci\u00f3.<\/p>\n<p>Es comunicar\u00e0 l\u2019acceptaci\u00f3 o no del resum de cada comunicaci\u00f3 abans del dia\u00a0<strong>18\u00a0febrer de 2019.<\/strong><\/p>\n<p><strong>\u00a0<\/strong><\/p>\n<p><strong>4) Presentaci\u00f3 definitiva de la comunicaci\u00f3<\/strong><\/p>\n<p><strong><span style=\"text-decoration: underline;\">Termini i adre\u00e7a de lliurament<\/span><\/strong><\/p>\n<p>La versi\u00f3 definitiva del text complet de les comunicacions haur\u00e0 de ser remesa\u00a0<strong>com a data l\u00edmit el 8\u00a0mar\u00e7 de 2019<\/strong> <strong>indicant-se el n\u00famero i tema de la seua sessi\u00f3 cient\u00edfica.\u00a0<\/strong>Aquesta versi\u00f3 definitiva de la comunicaci\u00f3 s\u2019haur\u00e0 de remetre en format electr\u00f2nic i en Word a trav\u00e9s de l\u2019adre\u00e7a de correu electr\u00f2nic\u00a0<a href=\"mailto:congresomasculinidades@goumh.umh.es\"><strong>congresomasculinidades1@goumh.umh.es<\/strong><\/a><\/p>\n<p><strong>\u00a0<\/strong><\/p>\n<p>La recepci\u00f3 de la comunicaci\u00f3 definitiva nom\u00e9s es tindr\u00e0 per v\u00e0lidament realitzada, quan s\u2019efectue en els termes exposats per a la proposta de comunicaci\u00f3, i l\u2019autor o autora estiga inscrit\/a en el Congr\u00e9s (supeditat al pagament de la inscripci\u00f3).<\/p>\n<p>&nbsp;<\/p>\n<p><strong>5)\u00a0<span style=\"text-decoration: underline;\">Condicions formals de la comunicaci\u00f3<\/span><\/strong><\/p>\n<p>Amb la finalitat d\u2019unificar criteris a l\u2019hora de configurar les p\u00e0gines, ressenyes bibliogr\u00e0fiques, abreviatures, etc., i facilitar-ne la publicaci\u00f3, la comunicaci\u00f3 haur\u00e0 de reunir els requisits seg\u00fcents:<\/p>\n<p><strong>Configuraci\u00f3 p\u00e0gina:<\/strong><\/p>\n<ul>\n<li>Marge superior:\u00a0\u00a0\u00a0\u00a0 2,5 cm<\/li>\n<li>Marge inferior:\u00a0\u00a0\u00a0\u00a0\u00a0 2,5 cm<\/li>\n<li>Marge esquerre:\u00a0\u00a0\u00a0 3 cm<\/li>\n<li>Marge dret:\u00a0\u00a0\u00a0\u00a0\u00a0\u00a0\u00a0\u00a0\u00a0\u00a0 3 cm<\/li>\n<li>Encap\u00e7alament:\u00a0\u00a0\u00a0\u00a0 1,25 cm<\/li>\n<li>Peu de p\u00e0gina:\u00a0\u00a0\u00a0\u00a0\u00a0\u00a0 1,25 cm<\/li>\n<\/ul>\n<p><strong>\u00a0<\/strong><strong>Encap\u00e7alament:<\/strong><\/p>\n<ul>\n<li>Tot el t\u00edtol en maj\u00fascula, negreta, centrat i en cos Times New Roman 14, sense subratllat.<\/li>\n<li>Nom i cognoms amb totes les paraules en min\u00fascula excepte la primera lletra, normal, alineats a la dreta i en cos Times New\u00a0 Roman 12.<\/li>\n<li>Correu electr\u00f2nic, min\u00fascula, alineat a la dreta i en cos Times New\u00a0 Roman 12.<\/li>\n<li>Categoria professional, amb refer\u00e8ncia a l\u2019\u00e0rea de coneixement, min\u00fascula, cursiva, alineada a la dreta i en cos Times New\u00a0 Roman 12.<\/li>\n<li>Universitat de destinaci\u00f3 (instituci\u00f3, etc.), min\u00fascula, cursiva, alineada a la dreta i en cos Times New\u00a0 Roman 12.<\/li>\n<\/ul>\n<p><strong>T\u00edtol<\/strong><br \/>\nEn castell\u00e0 i en angl\u00e9s.<\/p>\n<p><strong>\u00a0<\/strong><strong>T\u00edtols dels apartats<\/strong><\/p>\n<p>Nom\u00e9s en castell\u00e0.<\/p>\n<p>Seguint l\u2019\u00edndex, el t\u00edtol dels apartats s\u2019arreplegar\u00e0 com segueix:<\/p>\n<p>\u2013 en negreta, maj\u00fascula els primers apartats (1.)<\/p>\n<p>\u2013 en negreta i min\u00fascula els subapartats (1.1.)<\/p>\n<p>\u2013 normal i min\u00fascula els seg\u00fcents (1.1.1.; a)\u2026)<\/p>\n<p>En tots els casos, sense punt al final de cada t\u00edtol d\u2019apartat. Lletra Times New Roman grand\u00e0ria 12.<\/p>\n<p><strong>\u00a0<\/strong><strong>Resum<\/strong><\/p>\n<p>El resum no haur\u00e0 de superar les 300 paraules i haur\u00e0 d\u2019anar en castell\u00e0 i en angl\u00e9s.<\/p>\n<p><strong>\u00a0<\/strong><strong>Paraules clau<\/strong><\/p>\n<p>Ser\u00e0 imprescindible aportar cinc paraules clau en castell\u00e0 i en angl\u00e9s.<\/p>\n<p><strong>\u00a0<\/strong><strong>Text<\/strong><\/p>\n<p>L\u2019idioma del text ser\u00e0 el castell\u00e0.<\/p>\n<p>Tractament de text\u00a0Microsoft Word, utilitzant el tipus de lletra Times New Roman, editat al cos 12. Justificaci\u00f3 completa i amb interlineat senzill (a un espai).<\/p>\n<p><strong>Notes i t\u00e8cnica de citaci\u00f3<\/strong><\/p>\n<p>Sempre que es considere necess\u00e0ria i d\u2019una manera moderada s\u2019utilitzar\u00e0 la t\u00e8cnica de citaci\u00f3 a peu de p\u00e0gina. El text que s\u2019hi incloga ha de ser escrit en Times New Roman, grand\u00e0ria 10, par\u00e0graf justificat, espai d\u2019interlineat senzill.<\/p>\n<p>En les citacions de doctrina judicial s\u2019utilitzaran les refer\u00e8ncies pr\u00f2pies de la base de dades corresponents i, si no pot ser, se citaran amb dades neutres que garantisquen la seua localitzaci\u00f3 (n\u00famero de recurs, n\u00famero de sent\u00e8ncia, etc.).<\/p>\n<p>Els cognoms dels\/de les autors\/es citats\/des han d\u2019anar en Times New Roman, grand\u00e0ria 10, nom\u00e9s en maj\u00fascula la primera lletra.<\/p>\n<p><strong>Referenciat bibliogr\u00e0fic<\/strong><\/p>\n<p>[Vegeu la citaci\u00f3 i llista de refer\u00e8ncies de Normes APA 2018 \u2013 6a (sisena) edici\u00f3 <a href=\"http:\/\/normasapa.net\/2017-edicion-6\/\"><strong>http:\/\/normasapa.net\/2017-edicion-6\/<\/strong><\/a>]<\/p>\n<p>&nbsp;<\/p>\n<p><strong>6)\u00a0<span style=\"text-decoration: underline;\">Condicions formals de la comunicaci\u00f3 definitiva<\/span><\/strong><\/p>\n<p>El Comit\u00e9 Cient\u00edfic analitzar\u00e0 el seu contingut i els requisits establits, i procedir\u00e0 si escau a la seua acceptaci\u00f3 definitiva, la qual cosa es comunicar\u00e0, abans del dia\u00a0<strong>12 de mar\u00e7 de 2019, <\/strong>a trav\u00e9s de la p\u00e0gina web del\u00a0<a href=\"http:\/\/congresotrata2018.edu.umh.es\/\"><strong>Congr\u00e9s<\/strong><\/a>, amb indicaci\u00f3 del t\u00edtol, autor o autora, sala i hora a qu\u00e8 han sigut adscrites.<\/p>\n<p>Aix\u00ed mateix, el Comit\u00e9 Cient\u00edfic podr\u00e0 decidir (en funci\u00f3 del nombre de comunicacions presentades definitives) si algunes comunicacions presentades a la modalitat de defensa presencial han de ser exposades en la modalitat de no presencial, en aquest cas les persones coordinadores de cada sessi\u00f3 cient\u00edfica exercirien de relatores d\u2019aquestes.<\/p>\n<p>Les comunicacions podran ser rebutjades en la seua versi\u00f3 definitiva pel Comit\u00e9 Cient\u00edfic si no responen al t\u00edtol i al contingut proposat, si no fan cap aportaci\u00f3 original, o si la seua qualitat no \u00e9s l\u2019adequada, o, en definitiva, no contribueixen a l\u2019avan\u00e7 del coneixement, per tractar-se merament d\u2019una descripci\u00f3 de l\u2019estat de la q\u00fcesti\u00f3 o una mera recapitulaci\u00f3 de temes ja coneguts.<\/p>\n<p>En tot cas, es rebutjaran les\u00a0 comunicacions que excedisquen de la dimensi\u00f3 m\u00e0xima establida: <strong>15 p\u00e0gines<\/strong> amb format Times New\u00a0 Roman 12, amb interlineat senzill (inclou gr\u00e0fics, notes i ap\u00e8ndixs).<\/p>\n<p><strong>Cal utilitzar un llenguatge inclusiu no sexista.<\/strong><\/p>\n<p>&nbsp;<\/p>\n<p><strong>7)\u00a0<span style=\"text-decoration: underline;\">Defensa<\/span><\/strong><\/p>\n<p>Les comunicacions presentades hauran de ser defensades p\u00fablicament en les dates assenyalades en la celebraci\u00f3 del Congr\u00e9s. El temps m\u00e0xim d\u2019exposici\u00f3 ser\u00e0 <strong>de deu minuts<\/strong>. Per a la modalitat de comunicacions no presencials es presentaran pel relator o relatora a manera de resum.<\/p>\n<ol>\n<li><strong>B) PROPOSTA DE P\u00d2STER<\/strong><\/li>\n<\/ol>\n<p><strong>\u00a0<\/strong><strong>Taula resum de terminis<\/strong>:<\/p>\n<ul>\n<li>Data l\u00edmit de recepci\u00f3 de resums de p\u00f2sters:\u00a0<strong>15 febrer\u00a0de 2019.<\/strong><\/li>\n<li>Data l\u00edmit per a informar sobre l\u2019acceptaci\u00f3 del resum de p\u00f2sters per part del Comit\u00e9 Cient\u00edfic:\u00a0<strong>18 febrer de 2019.<\/strong><\/li>\n<li>Data l\u00edmit d\u2019enviament complet de p\u00f2sters:\u00a0<strong>8 mar\u00e7 de 2019<\/strong>.<\/li>\n<li>Acceptaci\u00f3 definitiva d\u2019l p\u00f2ster:\u00a0<strong>12 de mar\u00e7 de 2019.<\/strong><\/li>\n<\/ul>\n<p><strong>\u00a0<\/strong><\/p>\n<p><strong>Resum del p\u00f2ster:<\/strong><\/p>\n<p><strong>\u00a0<\/strong>El resum del p\u00f2ster ha de ser enviat abans del\u00a0<strong>15 febrer\u00a0de 2019 <\/strong>a la secretaria del congr\u00e9s <a href=\"mailto:congresomasculinidades@goumh.umh.es\"><strong>congresomasculinidades1@goumh.umh.es<\/strong><\/a> especificant en l\u2019assumpte del correu electr\u00f2nic la sessi\u00f3 cient\u00edfica seleccionada.<\/p>\n<p>El resum del p\u00f2ster ha d\u2019incloure: t\u00edtol, sessi\u00f3 cient\u00edfica, autor\/a o autors\/es, paraules clau, instituci\u00f3 de proced\u00e8ncia, adre\u00e7a completa, tel\u00e8fon i correu electr\u00f2nic. El resum no haur\u00e0 de superar les 300 paraules i haur\u00e0 d\u2019anar en castell\u00e0 i en angl\u00e9s.<\/p>\n<p><strong>Indicacions per a la realitzaci\u00f3 del p\u00f2ster:<\/strong><\/p>\n<p>A.- El p\u00f2ster es redactar\u00e0 en castell\u00e0. Nom\u00e9s el t\u00edtol i el resum hauran d\u2019anar en castell\u00e0 i angl\u00e9s.<\/p>\n<p>B.- No ha de superar la grand\u00e0ria de 90cm x 150cm. El t\u00edtol ha de ser llegible a tres metres de dist\u00e0ncia i la lletra del text a un metre de dist\u00e0ncia.<\/p>\n<p>C.- Ha de contindre un requadre independent incloent t\u00edtol, autoria i instituci\u00f3 de proced\u00e8ncia.<\/p>\n<p>D.- Es recomana que continga gr\u00e0fics, fotografies i\/o diagrames en un format clar i atractiu.<\/p>\n<p>E.- La base del p\u00f2ster o el suport ser\u00e0 fixat amb cinta adhesiva.<\/p>\n<p>Els p\u00f2sters seran exposats durant la celebraci\u00f3 del congr\u00e9s en un espai adequat i es fixar\u00e0 un horari perqu\u00e8 els\/les autors\/es puguen ser consultats\/des pel p\u00fablic sobre els seus treballs.<\/p>\n<p>Els p\u00f2sters acceptats seran exhibits durant els dies de celebraci\u00f3 del Congr\u00e9s; no obstant aix\u00f2, hi haur\u00e0 moments puntuals en els quals els autors o autores hauran de romandre prop dels seus treballs per a poder explicar la seua investigaci\u00f3 als\/a les congressistes interessats\/des. Aquests temps informatius s\u2019acordaran entre la persona que presenta el p\u00f2ster i el comit\u00e9 organitzador.<\/p>\n<p><strong>Acceptaci\u00f3 dels p\u00f2sters:<\/strong><\/p>\n<ul>\n<li>Notificaci\u00f3 de recepci\u00f3 de resums de p\u00f2sters: una vegada s\u2019haja rebut el seu resum se li notificar\u00e0 la recepci\u00f3 del seu correu electr\u00f2nic.<\/li>\n<\/ul>\n<ul>\n<li>Notificaci\u00f3 d\u2019acceptaci\u00f3 del resum del p\u00f2ster: els\/les autors\/es rebran un correu electr\u00f2nic que els informar\u00e0 si el seu resum de p\u00f2ster ha sigut acceptat abans del\u00a0<strong>18 febrer de 2019.<\/strong><\/li>\n<li>Per a la seua completa acceptaci\u00f3 els p\u00f2sters definitius hauran de ser enviats en format <strong>PDF <\/strong>a <a href=\"mailto:congresomasculinidades@goumh.umh.es\"><strong>congresomasculinidades1@goumh.umh.es<\/strong><\/a> abans del\u00a0<strong>8 mar\u00e7 de 2019<\/strong>.<\/li>\n<\/ul>\n<p><strong>\u00a0<\/strong><\/p>\n<p><strong>Presentaci\u00f3 i exposici\u00f3 p\u00fablica del p\u00f2ster:<\/strong><\/p>\n<p>Durant els dies del Congr\u00e9s: 4, 5 i 6 d\u2019abril de 2019.<\/p>\n<p>Els p\u00f2sters han de ser lliurats\u00a0al personal del Congr\u00e9s el <strong>dia 4 d\u2019abril de 2019<\/strong> en l\u2019horari de recollida de materials i inscripci\u00f3.<\/p>\n<p>Cada autor\/a haur\u00e0 de presentar el seu p\u00f2ster en \u00a0la sessi\u00f3 cient\u00edfica corresponent, en qu\u00e8 el p\u00fablic assistent l\u2019interrogar\u00e0 sobre el seu treball. Per a exposar un p\u00f2ster tots\/es els\/les autors\/es hauran d\u2019estar inscrits.<\/p>","protected":false},"excerpt":{"rendered":"<p>Taula resum de terminis: Data l\u00edmit de recepci\u00f3 de resums de comunicaci\u00f3 o p\u00f2ster:\u00a015 febrer\u00a0de 2019. Data l\u00edmit per a informar sobre l\u2019acceptaci\u00f3 del resum de comunicaci\u00f3 o p\u00f2ster per part del comit\u00e9 cient\u00edfic:\u00a018 febrer de 2019. Data l\u00edmit d\u2019enviament complet de comunicaci\u00f3 o p\u00f2ster:\u00a08 mar\u00e7 de 2019. Acceptaci\u00f3 definitiva\u2026<\/p>\n<p> <a class=\"continue-reading-link\" href=\"https:\/\/congresomasculinidades.umh.es\/ca\/envio-de-comunicaciones-y-posteres\/\"><span>Continue reading<\/span><i class=\"crycon-right-dir\"><\/i><\/a><\/p>\n","protected":false},"author":642,"featured_media":0,"parent":0,"menu_order":7,"comment_status":"closed","ping_status":"closed","template":"","meta":{"_links_to":"","_links_to_target":""},"yoast_head":"<!-- This site is optimized with the Yoast SEO plugin v17.5 - https:\/\/yoast.com\/wordpress\/plugins\/seo\/ -->\n<title>ENVIAMENT DE COMUNICACIONS I P\u00d2STERS - I CONGRESO INTERNACIONAL SOBRE MASCULINIDADES E IGUALDAD<\/title>\n<meta name=\"description\" content=\"Realiza aqu\u00ed tu env\u00edo de comunicaciones y p\u00f3steres\" \/>\n<meta name=\"robots\" content=\"index, follow, max-snippet:-1, max-image-preview:large, max-video-preview:-1\" \/>\n<link rel=\"canonical\" href=\"https:\/\/congresomasculinidades.umh.es\/envio-de-comunicaciones-y-posteres\/\" \/>\n<meta property=\"og:locale\" content=\"ca_ES\" \/>\n<meta property=\"og:type\" content=\"article\" \/>\n<meta property=\"og:title\" content=\"[:es]ENV\u00cdO DE COMUNICACIONES Y P\u00d3STERES[:ca]ENVIAMENT DE COMUNICACIONS I P\u00d2STERS[:] - I CONGRESO INTERNACIONAL SOBRE MASCULINIDADES E IGUALDAD\" \/>\n<meta property=\"og:description\" content=\"Realiza aqu\u00ed tu env\u00edo de comunicaciones y p\u00f3steres\" \/>\n<meta property=\"og:url\" content=\"https:\/\/congresomasculinidades.umh.es\/envio-de-comunicaciones-y-posteres\/\" \/>\n<meta property=\"og:site_name\" content=\"I CONGRESO INTERNACIONAL SOBRE MASCULINIDADES E IGUALDAD\" \/>\n<meta property=\"article:modified_time\" content=\"2019-02-27T10:50:55+00:00\" \/>\n<meta name=\"twitter:card\" content=\"summary\" \/>\n<meta name=\"twitter:label1\" content=\"Temps estimat de lectura\" \/>\n\t<meta name=\"twitter:data1\" content=\"20 minuts\" \/>\n<script type=\"application\/ld+json\" class=\"yoast-schema-graph\">{\"@context\":\"https:\/\/schema.org\",\"@graph\":[{\"@type\":\"WebSite\",\"@id\":\"https:\/\/congresomasculinidades.umh.es\/#website\",\"url\":\"https:\/\/congresomasculinidades.umh.es\/\",\"name\":\"I CONGRESO INTERNACIONAL SOBRE MASCULINIDADES E IGUALDAD\",\"description\":\"Centro de Congresos 4, 5 y 6 de abril 2019\",\"potentialAction\":[{\"@type\":\"SearchAction\",\"target\":{\"@type\":\"EntryPoint\",\"urlTemplate\":\"https:\/\/congresomasculinidades.umh.es\/?s={search_term_string}\"},\"query-input\":\"required name=search_term_string\"}],\"inLanguage\":\"ca\"},{\"@type\":\"WebPage\",\"@id\":\"https:\/\/congresomasculinidades.umh.es\/envio-de-comunicaciones-y-posteres\/#webpage\",\"url\":\"https:\/\/congresomasculinidades.umh.es\/envio-de-comunicaciones-y-posteres\/\",\"name\":\"[:es]ENV\\u00cdO DE COMUNICACIONES Y P\\u00d3STERES[:ca]ENVIAMENT DE COMUNICACIONS I P\\u00d2STERS[:] - I CONGRESO INTERNACIONAL SOBRE MASCULINIDADES E IGUALDAD\",\"isPartOf\":{\"@id\":\"https:\/\/congresomasculinidades.umh.es\/#website\"},\"datePublished\":\"2018-12-03T17:36:09+00:00\",\"dateModified\":\"2019-02-27T10:50:55+00:00\",\"description\":\"Realiza aqu\\u00ed tu env\\u00edo de comunicaciones y p\\u00f3steres\",\"breadcrumb\":{\"@id\":\"https:\/\/congresomasculinidades.umh.es\/envio-de-comunicaciones-y-posteres\/#breadcrumb\"},\"inLanguage\":\"ca\",\"potentialAction\":[{\"@type\":\"ReadAction\",\"target\":[\"https:\/\/congresomasculinidades.umh.es\/envio-de-comunicaciones-y-posteres\/\"]}]},{\"@type\":\"BreadcrumbList\",\"@id\":\"https:\/\/congresomasculinidades.umh.es\/envio-de-comunicaciones-y-posteres\/#breadcrumb\",\"itemListElement\":[{\"@type\":\"ListItem\",\"position\":1,\"name\":\"Portada\",\"item\":\"https:\/\/congresomasculinidades.umh.es\/\"},{\"@type\":\"ListItem\",\"position\":2,\"name\":\"ENV\\u00cdO DE COMUNICACIONES Y P\\u00d3STERES\"}]}]}<\/script>\n<!-- \/ Yoast SEO plugin. -->","yoast_head_json":{"title":"[:es]ENV\u00cdO DE COMUNICACIONES Y P\u00d3STERES[:ca]ENVIAMENT DE COMUNICACIONS I P\u00d2STERS[:] - I CONGRESO INTERNACIONAL SOBRE MASCULINIDADES E IGUALDAD","description":"Realiza aqu\u00ed tu env\u00edo de comunicaciones y p\u00f3steres","robots":{"index":"index","follow":"follow","max-snippet":"max-snippet:-1","max-image-preview":"max-image-preview:large","max-video-preview":"max-video-preview:-1"},"canonical":"https:\/\/congresomasculinidades.umh.es\/envio-de-comunicaciones-y-posteres\/","og_locale":"ca_ES","og_type":"article","og_title":"[:es]ENV\u00cdO DE COMUNICACIONES Y P\u00d3STERES[:ca]ENVIAMENT DE COMUNICACIONS I P\u00d2STERS[:] - I CONGRESO INTERNACIONAL SOBRE MASCULINIDADES E IGUALDAD","og_description":"Realiza aqu\u00ed tu env\u00edo de comunicaciones y p\u00f3steres","og_url":"https:\/\/congresomasculinidades.umh.es\/envio-de-comunicaciones-y-posteres\/","og_site_name":"I CONGRESO INTERNACIONAL SOBRE MASCULINIDADES E IGUALDAD","article_modified_time":"2019-02-27T10:50:55+00:00","twitter_card":"summary","twitter_misc":{"Temps estimat de lectura":"20 minuts"},"schema":{"@context":"https:\/\/schema.org","@graph":[{"@type":"WebSite","@id":"https:\/\/congresomasculinidades.umh.es\/#website","url":"https:\/\/congresomasculinidades.umh.es\/","name":"I CONGRESO INTERNACIONAL SOBRE MASCULINIDADES E IGUALDAD","description":"Centro de Congresos 4, 5 y 6 de abril 2019","potentialAction":[{"@type":"SearchAction","target":{"@type":"EntryPoint","urlTemplate":"https:\/\/congresomasculinidades.umh.es\/?s={search_term_string}"},"query-input":"required name=search_term_string"}],"inLanguage":"ca"},{"@type":"WebPage","@id":"https:\/\/congresomasculinidades.umh.es\/envio-de-comunicaciones-y-posteres\/#webpage","url":"https:\/\/congresomasculinidades.umh.es\/envio-de-comunicaciones-y-posteres\/","name":"[:es]ENV\u00cdO DE COMUNICACIONES Y P\u00d3STERES[:ca]ENVIAMENT DE COMUNICACIONS I P\u00d2STERS[:] - I CONGRESO INTERNACIONAL SOBRE MASCULINIDADES E IGUALDAD","isPartOf":{"@id":"https:\/\/congresomasculinidades.umh.es\/#website"},"datePublished":"2018-12-03T17:36:09+00:00","dateModified":"2019-02-27T10:50:55+00:00","description":"Realiza aqu\u00ed tu env\u00edo de comunicaciones y p\u00f3steres","breadcrumb":{"@id":"https:\/\/congresomasculinidades.umh.es\/envio-de-comunicaciones-y-posteres\/#breadcrumb"},"inLanguage":"ca","potentialAction":[{"@type":"ReadAction","target":["https:\/\/congresomasculinidades.umh.es\/envio-de-comunicaciones-y-posteres\/"]}]},{"@type":"BreadcrumbList","@id":"https:\/\/congresomasculinidades.umh.es\/envio-de-comunicaciones-y-posteres\/#breadcrumb","itemListElement":[{"@type":"ListItem","position":1,"name":"Portada","item":"https:\/\/congresomasculinidades.umh.es\/"},{"@type":"ListItem","position":2,"name":"ENV\u00cdO DE COMUNICACIONES Y P\u00d3STERES"}]}]}},"_links":{"self":[{"href":"https:\/\/congresomasculinidades.umh.es\/ca\/wp-json\/wp\/v2\/pages\/924"}],"collection":[{"href":"https:\/\/congresomasculinidades.umh.es\/ca\/wp-json\/wp\/v2\/pages"}],"about":[{"href":"https:\/\/congresomasculinidades.umh.es\/ca\/wp-json\/wp\/v2\/types\/page"}],"author":[{"embeddable":true,"href":"https:\/\/congresomasculinidades.umh.es\/ca\/wp-json\/wp\/v2\/users\/642"}],"replies":[{"embeddable":true,"href":"https:\/\/congresomasculinidades.umh.es\/ca\/wp-json\/wp\/v2\/comments?post=924"}],"version-history":[{"count":0,"href":"https:\/\/congresomasculinidades.umh.es\/ca\/wp-json\/wp\/v2\/pages\/924\/revisions"}],"wp:attachment":[{"href":"https:\/\/congresomasculinidades.umh.es\/ca\/wp-json\/wp\/v2\/media?parent=924"}],"curies":[{"name":"wp","href":"https:\/\/api.w.org\/{rel}","templated":true}]}}